{"id":157,"date":"2023-07-27T12:46:10","date_gmt":"2023-07-27T12:46:10","guid":{"rendered":"https:\/\/atriun.es\/?page_id=157"},"modified":"2023-08-30T07:19:53","modified_gmt":"2023-08-30T07:19:53","slug":"laboral","status":"publish","type":"page","link":"https:\/\/atriun.com\/en\/laboral\/","title":{"rendered":"Labour"},"content":{"rendered":"<p>[et_pb_section fb_built=\u00bb1&#8243; _builder_version=\u00bb4.21.0&#8243; _module_preset=\u00bbdefault\u00bb background_color=\u00bbrgba(0,0,0,0.32)\u00bb background_image=\u00bbhttps:\/\/atriun.com\/wp-content\/uploads\/2023\/08\/portada-areas-trabajo.jpeg\u00bb background_blend=\u00bboverlay\u00bb bottom_divider_style=\u00bbcurve\u00bb bottom_divider_color=\u00bb#f59050&#8243; bottom_divider_height=\u00bb60px\u00bb global_colors_info=\u00bb{}\u00bb][et_pb_row _builder_version=\u00bb4.21.0&#8243; _module_preset=\u00bbdefault\u00bb global_colors_info=\u00bb{}\u00bb][et_pb_column type=\u00bb4_4&#8243; _builder_version=\u00bb4.21.0&#8243; _module_preset=\u00bbdefault\u00bb global_colors_info=\u00bb{}\u00bb][et_pb_text _builder_version=\u00bb4.21.0&#8243; _module_preset=\u00bbdefault\u00bb global_colors_info=\u00bb{}\u00bb][\/et_pb_text][et_pb_text _builder_version=\u00bb4.21.0&#8243; _module_preset=\u00bbdefault\u00bb global_colors_info=\u00bb{}\u00bb][\/et_pb_text][\/et_pb_column][\/et_pb_row][\/et_pb_section][et_pb_section fb_built=\u00bb1&#8243; _builder_version=\u00bb4.21.0&#8243; _module_preset=\u00bbdefault\u00bb background_color=\u00bbrgba(130,130,130,0.16)\u00bb custom_padding=\u00bb||18px|||\u00bb top_divider_style=\u00bbwave\u00bb top_divider_color=\u00bb#f59050&#8243; top_divider_height=\u00bb60px\u00bb global_colors_info=\u00bb{}\u00bb][et_pb_row _builder_version=\u00bb4.21.0&#8243; _module_preset=\u00bbdefault\u00bb global_colors_info=\u00bb{}\u00bb][et_pb_column type=\u00bb4_4&#8243; _builder_version=\u00bb4.21.0&#8243; _module_preset=\u00bbdefault\u00bb global_colors_info=\u00bb{}\u00bb][et_pb_text _builder_version=\u00bb4.21.0&#8243; _module_preset=\u00bbdefault\u00bb global_colors_info=\u00bb{}\u00bb]<\/p>\n<h1 style=\"text-align: left;\">\u00c1REA LABORAL<\/h1>\n<p>[\/et_pb_text][\/et_pb_column][\/et_pb_row][et_pb_row _builder_version=\u00bb4.21.0&#8243; _module_preset=\u00bbdefault\u00bb global_colors_info=\u00bb{}\u00bb][et_pb_column type=\u00bb4_4&#8243; _builder_version=\u00bb4.21.0&#8243; _module_preset=\u00bbdefault\u00bb global_colors_info=\u00bb{}\u00bb][et_pb_image src=\u00bbhttps:\/\/atriun.com\/wp-content\/uploads\/2023\/08\/arealaboral.jpeg\u00bb alt=\u00bbarea laboral\u00bb title_text=\u00bbarealaboral\u00bb align=\u00bbcenter\u00bb _builder_version=\u00bb4.21.0&#8243; _module_preset=\u00bbdefault\u00bb border_radii=\u00bbon|80px|80px|80px|80px\u00bb global_colors_info=\u00bb{}\u00bb][\/et_pb_image][\/et_pb_column][\/et_pb_row][et_pb_row column_structure=\u00bb1_2,1_2&#8243; _builder_version=\u00bb4.21.0&#8243; _module_preset=\u00bbdefault\u00bb global_colors_info=\u00bb{}\u00bb][et_pb_column type=\u00bb1_2&#8243; _builder_version=\u00bb4.21.0&#8243; _module_preset=\u00bbdefault\u00bb global_colors_info=\u00bb{}\u00bb][et_pb_image src=\u00bbhttps:\/\/atriun.com\/wp-content\/uploads\/2023\/07\/maletin.png\u00bb alt=\u00bbmaletin atriun asesores\u00bb title_text=\u00bbmaletin\u00bb align=\u00bbcenter\u00bb _builder_version=\u00bb4.21.0&#8243; _module_preset=\u00bbdefault\u00bb width=\u00bb50%\u00bb global_colors_info=\u00bb{}\u00bb][\/et_pb_image][\/et_pb_column][et_pb_column type=\u00bb1_2&#8243; _builder_version=\u00bb4.21.0&#8243; _module_preset=\u00bbdefault\u00bb global_colors_info=\u00bb{}\u00bb][et_pb_text _builder_version=\u00bb4.21.0&#8243; _module_preset=\u00bbdefault\u00bb global_colors_info=\u00bb{}\u00bb]<\/p>\n<p><span>Desde el \u00e1rea laboral nos ocupamos de toda la gesti\u00f3n de n\u00f3minas, tr\u00e1mite con la Seguridad Social, declaraciones de IRPF y del pago de las cotizaciones, en definitiva, todo lo relacionado con la relaci\u00f3n trabajador empresa, aportando un valor a\u00f1adido a trav\u00e9s de un asesoramiento personalizado y objetivo.<\/span><\/p>\n<p><span>No dudes en poner en nuestras manos toda la gesti\u00f3n y tramitaci\u00f3n de los asuntos legales de tu empresa.<\/span><\/p>\n<p><span>Contamos con una amplia experiencia que nos permite planificar y prever los posibles imprevistos.<\/span><\/p>\n<p>[\/et_pb_text][\/et_pb_column][\/et_pb_row][et_pb_row column_structure=\u00bb1_2,1_2&#8243; _builder_version=\u00bb4.21.0&#8243; _module_preset=\u00bbdefault\u00bb global_colors_info=\u00bb{}\u00bb][et_pb_column type=\u00bb1_2&#8243; _builder_version=\u00bb4.21.0&#8243; _module_preset=\u00bbdefault\u00bb global_colors_info=\u00bb{}\u00bb][et_pb_text _builder_version=\u00bb4.21.0&#8243; _module_preset=\u00bbdefault\u00bb global_colors_info=\u00bb{}\u00bb]<\/p>\n<h2 style=\"text-align: center;\">CONOCE NUESTROS SERVICIOS<\/h2>\n<p>[\/et_pb_text][et_pb_accordion open_toggle_background_color=\u00bbrgba(130,130,130,0.16)\u00bb closed_toggle_background_color=\u00bbrgba(130,130,130,0.16)\u00bb toggle_icon=\u00bb&#xf0b1;||fa||900&#8243; icon_color=\u00bb#000000&#8243; _builder_version=\u00bb4.21.0&#8243; _module_preset=\u00bbdefault\u00bb global_colors_info=\u00bb{}\u00bb][et_pb_accordion_item title=\u00bbAsesoramiento Laboral\u00bb open=\u00bbon\u00bb _builder_version=\u00bb4.21.0&#8243; _module_preset=\u00bbdefault\u00bb global_colors_info=\u00bb{}\u00bb]<\/p>\n<ul>\n<li>Confecci\u00f3n de n\u00f3minas<\/li>\n<li>Seguros sociales<\/li>\n<li>Contratos de Trabajo<\/li>\n<li>Inscripci\u00f3n de empresa<\/li>\n<li>Libro de visitas<\/li>\n<li>Apertura del centro de Trabajo<\/li>\n<li>Partes de baja m\u00e9dica<\/li>\n<li>Liquidaci\u00f3n y finiquitos<\/li>\n<li>Despidos<\/li>\n<li>Recursos ante Organismos competentes (SMAC, IT, Reclamaciones)<\/li>\n<\/ul>\n<p>[\/et_pb_accordion_item][et_pb_accordion_item title=\u00bbTramitaci\u00f3n y Gesti\u00f3n\u00bb _builder_version=\u00bb4.21.0&#8243; _module_preset=\u00bbdefault\u00bb global_colors_info=\u00bb{}\u00bb open=\u00bboff\u00bb]<\/p>\n<ul>\n<li>Tramitaci\u00f3n de Subvenciones.<\/li>\n<li>Alta de Trabajadores Aut\u00f3nomos, as\u00ed como otros reg\u00edmenes especiales.<\/li>\n<\/ul>\n<p>[\/et_pb_accordion_item][et_pb_accordion_item title=\u00bbPRL\u00bb _builder_version=\u00bb4.21.0&#8243; _module_preset=\u00bbdefault\u00bb global_colors_info=\u00bb{}\u00bb open=\u00bboff\u00bb]<\/p>\n<ul>\n<li>Asesoramiento en materia de prevenci\u00f3n de riesgos laborales.<\/li>\n<\/ul>\n<p>[\/et_pb_accordion_item][\/et_pb_accordion][\/et_pb_column][et_pb_column type=\u00bb1_2&#8243; _builder_version=\u00bb4.21.0&#8243; _module_preset=\u00bbdefault\u00bb global_colors_info=\u00bb{}\u00bb][et_pb_text _builder_version=\u00bb4.21.0&#8243; _module_preset=\u00bbdefault\u00bb global_colors_info=\u00bb{}\u00bb]<\/p>\n<h2 style=\"text-align: center;\">SI NECESITAS CONTACTAR<\/h2>\n<p>[\/et_pb_text][et_pb_button button_url=\u00bbhttps:\/\/atriun.com\/contacto\/\u00bb button_text=\u00bbContacto\u00bb button_alignment=\u00bbcenter\u00bb _builder_version=\u00bb4.21.0&#8243; _module_preset=\u00bbdefault\u00bb custom_button=\u00bbon\u00bb button_text_color=\u00bb#000000&#8243; button_border_radius=\u00bb25px\u00bb button_icon=\u00bb&#xe087;||divi||400&#8243; hover_enabled=\u00bb0&#8243; global_colors_info=\u00bb{}\u00bb sticky_enabled=\u00bb0&#8243;][\/et_pb_button][et_pb_tabs _builder_version=\u00bb4.21.0&#8243; _module_preset=\u00bbdefault\u00bb global_colors_info=\u00bb{}\u00bb][et_pb_tab title=\u00bbLL\u00c1MANOS\u00bb _builder_version=\u00bb4.21.0&#8243; _module_preset=\u00bbdefault\u00bb background_color=\u00bbrgba(130,130,130,0.16)\u00bb background_enable_color=\u00bbon\u00bb global_colors_info=\u00bb{}\u00bb]<\/p>\n<p>No lo dudes y ll\u00e1manos. Te informaremos sin compromiso.<\/p>\n<p><a href=\"tel:+34956251347\"><span>956 251 347<\/span><\/a><\/p>\n<p>[\/et_pb_tab][et_pb_tab title=\u00bbENV\u00cdANOS UN CORREO\u00bb _builder_version=\u00bb4.21.0&#8243; _module_preset=\u00bbdefault\u00bb background_color=\u00bbrgba(130,130,130,0.16)\u00bb background_enable_color=\u00bbon\u00bb global_colors_info=\u00bb{}\u00bb]<\/p>\n<p>Si necesitas m\u00e1s informaci\u00f3n puedes enviarnos un correo electr\u00f3nico a:<\/p>\n<p><a href=\"mailto:info@atriun.com\">info@atriun.com<\/a><\/p>\n<p>[\/et_pb_tab][et_pb_tab title=\u00bbVIS\u00cdTANOS\u00bb _builder_version=\u00bb4.21.0&#8243; _module_preset=\u00bbdefault\u00bb background_color=\u00bbrgba(130,130,130,0.16)\u00bb background_enable_color=\u00bbon\u00bb global_colors_info=\u00bb{}\u00bb]<\/p>\n<p>Visita nuestra oficina en C\u00e1diz<\/p>\n<p>Estamos en Calle Parlamento 13, 2\u00ba Derecha<\/p>\n<p>Si necesitas ayuda para encontrarnos pulsa <a href=\"https:\/\/goo.gl\/maps\/KRyM47skoae9FMpU9\">AQU\u00cd<\/a><\/p>\n<p>[\/et_pb_tab][\/et_pb_tabs][\/et_pb_column][\/et_pb_row][\/et_pb_section][et_pb_section fb_built=\u00bb1&#8243; _builder_version=\u00bb4.21.0&#8243; _module_preset=\u00bbdefault\u00bb background_color=\u00bbrgba(130,130,130,0.16)\u00bb custom_padding=\u00bb11px||9px|||\u00bb global_colors_info=\u00bb{}\u00bb][et_pb_row column_structure=\u00bb1_2,1_2&#8243; _builder_version=\u00bb4.21.0&#8243; _module_preset=\u00bbdefault\u00bb custom_padding=\u00bb23px|||||\u00bb global_colors_info=\u00bb{}\u00bb][et_pb_column type=\u00bb1_2&#8243; _builder_version=\u00bb4.21.0&#8243; _module_preset=\u00bbdefault\u00bb global_colors_info=\u00bb{}\u00bb][et_pb_image src=\u00bbhttps:\/\/atriun.com\/wp-content\/uploads\/2023\/07\/publi1.png\u00bb alt=\u00bbpublicidad atriun asesores\u00bb title_text=\u00bbpubli1&#8243; align=\u00bbcenter\u00bb _builder_version=\u00bb4.21.0&#8243; _module_preset=\u00bbdefault\u00bb width=\u00bb50%\u00bb global_colors_info=\u00bb{}\u00bb][\/et_pb_image][\/et_pb_column][et_pb_column type=\u00bb1_2&#8243; _builder_version=\u00bb4.21.0&#8243; _module_preset=\u00bbdefault\u00bb global_colors_info=\u00bb{}\u00bb][et_pb_image src=\u00bbhttps:\/\/atriun.com\/wp-content\/uploads\/2023\/07\/publi3.png\u00bb alt=\u00bbeuropa atriun asesores\u00bb title_text=\u00bbpubli3&#8243; align=\u00bbcenter\u00bb _builder_version=\u00bb4.21.0&#8243; _module_preset=\u00bbdefault\u00bb width=\u00bb50%\u00bb global_colors_info=\u00bb{}\u00bb][\/et_pb_image][\/et_pb_column][\/et_pb_row][et_pb_row _builder_version=\u00bb4.21.0&#8243; _module_preset=\u00bbdefault\u00bb custom_margin=\u00bb-33px|auto||auto||\u00bb custom_padding=\u00bb0px||6px|||\u00bb global_colors_info=\u00bb{}\u00bb][et_pb_column type=\u00bb4_4&#8243; _builder_version=\u00bb4.21.0&#8243; _module_preset=\u00bbdefault\u00bb global_colors_info=\u00bb{}\u00bb][et_pb_text _builder_version=\u00bb4.21.0&#8243; _module_preset=\u00bbdefault\u00bb global_colors_info=\u00bb{}\u00bb]<\/p>\n<p style=\"text-align: center;\"><span>Financiado por la Uni\u00f3n Europea \u2013 NextGenerationEU<\/span><\/p>\n<p>[\/et_pb_text][\/et_pb_column][\/et_pb_row][\/et_pb_section]<\/p>\n","protected":false},"excerpt":{"rendered":"<p>\u00c1REA LABORALDesde el \u00e1rea laboral nos ocupamos de toda la gesti\u00f3n de n\u00f3minas, tr\u00e1mite con la Seguridad Social, declaraciones de IRPF y del pago de las cotizaciones, en definitiva, todo lo relacionado con la relaci\u00f3n trabajador empresa, aportando un valor a\u00f1adido a trav\u00e9s de un asesoramiento personalizado y objetivo. No dudes en poner en nuestras [&hellip;]<\/p>\n","protected":false},"author":2,"featured_media":0,"parent":0,"menu_order":0,"comment_status":"closed","ping_status":"closed","template":"","meta":{"_et_pb_use_builder":"on","_et_pb_old_content":"","_et_gb_content_width":"","footnotes":""},"class_list":["post-157","page","type-page","status-publish","hentry"],"yoast_head":"<!-- This site is optimized with the Yoast SEO plugin v27.1.1 - https:\/\/yoast.com\/product\/yoast-seo-wordpress\/ -->\n<title>Laboral - Atriun Asesores<\/title>\n<meta name=\"description\" content=\"En el \u00e1rea laboral nos ocupamos de toda la gesti\u00f3n de n\u00f3minas, tr\u00e1mite con la SS, declaraciones de IRPF y del pago de las cotizaciones.\" \/>\n<meta name=\"robots\" content=\"index, follow, max-snippet:-1, max-image-preview:large, max-video-preview:-1\" \/>\n<link rel=\"canonical\" href=\"https:\/\/atriun.com\/en\/laboral\/\" \/>\n<meta property=\"og:locale\" content=\"en_GB\" \/>\n<meta property=\"og:type\" content=\"article\" \/>\n<meta property=\"og:title\" content=\"Laboral - Atriun Asesores\" \/>\n<meta property=\"og:description\" content=\"En el \u00e1rea laboral nos ocupamos de toda la gesti\u00f3n de n\u00f3minas, tr\u00e1mite con la SS, declaraciones de IRPF y del pago de las cotizaciones.\" \/>\n<meta property=\"og:url\" content=\"https:\/\/atriun.com\/en\/laboral\/\" \/>\n<meta property=\"og:site_name\" content=\"Atriun Asesores\" \/>\n<meta property=\"article:modified_time\" content=\"2023-08-30T07:19:53+00:00\" \/>\n<meta name=\"twitter:card\" content=\"summary_large_image\" \/>\n<meta name=\"twitter:label1\" content=\"Estimated reading time\" \/>\n\t<meta name=\"twitter:data1\" content=\"3 minutes\" \/>\n<script type=\"application\/ld+json\" class=\"yoast-schema-graph\">{\"@context\":\"https:\/\/schema.org\",\"@graph\":[{\"@type\":\"WebPage\",\"@id\":\"https:\/\/atriun.com\/laboral\/\",\"url\":\"https:\/\/atriun.com\/laboral\/\",\"name\":\"Laboral - Atriun Asesores\",\"isPartOf\":{\"@id\":\"https:\/\/atriun.com\/#website\"},\"datePublished\":\"2023-07-27T12:46:10+00:00\",\"dateModified\":\"2023-08-30T07:19:53+00:00\",\"description\":\"En el \u00e1rea laboral nos ocupamos de toda la gesti\u00f3n de n\u00f3minas, tr\u00e1mite con la SS, declaraciones de IRPF y del pago de las cotizaciones.\",\"breadcrumb\":{\"@id\":\"https:\/\/atriun.com\/laboral\/#breadcrumb\"},\"inLanguage\":\"en-GB\",\"potentialAction\":[{\"@type\":\"ReadAction\",\"target\":[\"https:\/\/atriun.com\/laboral\/\"]}]},{\"@type\":\"BreadcrumbList\",\"@id\":\"https:\/\/atriun.com\/laboral\/#breadcrumb\",\"itemListElement\":[{\"@type\":\"ListItem\",\"position\":1,\"name\":\"Portada\",\"item\":\"https:\/\/atriun.com\/en\/\"},{\"@type\":\"ListItem\",\"position\":2,\"name\":\"Laboral\"}]},{\"@type\":\"WebSite\",\"@id\":\"https:\/\/atriun.com\/#website\",\"url\":\"https:\/\/atriun.com\/\",\"name\":\"Atriun Asesores\",\"description\":\"Tu asesor\u00eda de confianza\",\"potentialAction\":[{\"@type\":\"SearchAction\",\"target\":{\"@type\":\"EntryPoint\",\"urlTemplate\":\"https:\/\/atriun.com\/?s={search_term_string}\"},\"query-input\":{\"@type\":\"PropertyValueSpecification\",\"valueRequired\":true,\"valueName\":\"search_term_string\"}}],\"inLanguage\":\"en-GB\"}]}<\/script>\n<!-- \/ Yoast SEO plugin. -->","yoast_head_json":{"title":"Laboral - Atriun Asesores","description":"En el \u00e1rea laboral nos ocupamos de toda la gesti\u00f3n de n\u00f3minas, tr\u00e1mite con la SS, declaraciones de IRPF y del pago de las cotizaciones.","robots":{"index":"index","follow":"follow","max-snippet":"max-snippet:-1","max-image-preview":"max-image-preview:large","max-video-preview":"max-video-preview:-1"},"canonical":"https:\/\/atriun.com\/en\/laboral\/","og_locale":"en_GB","og_type":"article","og_title":"Laboral - Atriun Asesores","og_description":"En el \u00e1rea laboral nos ocupamos de toda la gesti\u00f3n de n\u00f3minas, tr\u00e1mite con la SS, declaraciones de IRPF y del pago de las cotizaciones.","og_url":"https:\/\/atriun.com\/en\/laboral\/","og_site_name":"Atriun Asesores","article_modified_time":"2023-08-30T07:19:53+00:00","twitter_card":"summary_large_image","twitter_misc":{"Estimated reading time":"3 minutes"},"schema":{"@context":"https:\/\/schema.org","@graph":[{"@type":"WebPage","@id":"https:\/\/atriun.com\/laboral\/","url":"https:\/\/atriun.com\/laboral\/","name":"Laboral - Atriun Asesores","isPartOf":{"@id":"https:\/\/atriun.com\/#website"},"datePublished":"2023-07-27T12:46:10+00:00","dateModified":"2023-08-30T07:19:53+00:00","description":"En el \u00e1rea laboral nos ocupamos de toda la gesti\u00f3n de n\u00f3minas, tr\u00e1mite con la SS, declaraciones de IRPF y del pago de las cotizaciones.","breadcrumb":{"@id":"https:\/\/atriun.com\/laboral\/#breadcrumb"},"inLanguage":"en-GB","potentialAction":[{"@type":"ReadAction","target":["https:\/\/atriun.com\/laboral\/"]}]},{"@type":"BreadcrumbList","@id":"https:\/\/atriun.com\/laboral\/#breadcrumb","itemListElement":[{"@type":"ListItem","position":1,"name":"Portada","item":"https:\/\/atriun.com\/en\/"},{"@type":"ListItem","position":2,"name":"Laboral"}]},{"@type":"WebSite","@id":"https:\/\/atriun.com\/#website","url":"https:\/\/atriun.com\/","name":"Atriun Asesores","description":"Your Trusted Advisory","potentialAction":[{"@type":"SearchAction","target":{"@type":"EntryPoint","urlTemplate":"https:\/\/atriun.com\/?s={search_term_string}"},"query-input":{"@type":"PropertyValueSpecification","valueRequired":true,"valueName":"search_term_string"}}],"inLanguage":"en-GB"}]}},"_links":{"self":[{"href":"https:\/\/atriun.com\/en\/wp-json\/wp\/v2\/pages\/157","targetHints":{"allow":["GET"]}}],"collection":[{"href":"https:\/\/atriun.com\/en\/wp-json\/wp\/v2\/pages"}],"about":[{"href":"https:\/\/atriun.com\/en\/wp-json\/wp\/v2\/types\/page"}],"author":[{"embeddable":true,"href":"https:\/\/atriun.com\/en\/wp-json\/wp\/v2\/users\/2"}],"replies":[{"embeddable":true,"href":"https:\/\/atriun.com\/en\/wp-json\/wp\/v2\/comments?post=157"}],"version-history":[{"count":10,"href":"https:\/\/atriun.com\/en\/wp-json\/wp\/v2\/pages\/157\/revisions"}],"predecessor-version":[{"id":491,"href":"https:\/\/atriun.com\/en\/wp-json\/wp\/v2\/pages\/157\/revisions\/491"}],"wp:attachment":[{"href":"https:\/\/atriun.com\/en\/wp-json\/wp\/v2\/media?parent=157"}],"curies":[{"name":"wp","href":"https:\/\/api.w.org\/{rel}","templated":true}]}}